{"id":3010,"date":"2023-05-07T07:47:33","date_gmt":"2023-05-07T11:47:33","guid":{"rendered":"https:\/\/familleslussier.com\/publications\/"},"modified":"2025-12-18T15:19:15","modified_gmt":"2025-12-18T20:19:15","slug":"publications","status":"publish","type":"page","link":"https:\/\/familleslussier.com\/en\/publications\/","title":{"rendered":"Publications"},"content":{"rendered":"<p>[et_pb_section fb_built=&#8221;1&#8243; _builder_version=&#8221;4.21.0&#8243; _module_preset=&#8221;default&#8221; background_color=&#8221;#F8F8F8&#8243; background_enable_pattern_style=&#8221;on&#8221; background_pattern_style=&#8221;smiles&#8221; background_pattern_blend_mode=&#8221;soft-light&#8221; custom_padding=&#8221;||0px||false|false&#8221; global_colors_info=&#8221;{}&#8221;][et_pb_row column_structure=&#8221;1_3,2_3&#8243; make_equal=&#8221;on&#8221; _builder_version=&#8221;4.21.0&#8243; _module_preset=&#8221;default&#8221; custom_padding=&#8221;0px||||false|false&#8221; global_colors_info=&#8221;{}&#8221;][et_pb_column type=&#8221;1_3&#8243; _builder_version=&#8221;4.20.4&#8243; _module_preset=&#8221;default&#8221; global_colors_info=&#8221;{}&#8221;][et_pb_image src=&#8221;https:\/\/familleslussier.com\/wp-content\/uploads\/2023\/04\/lussier-lucier-lhuissier-recul-logo-asso-300&#215;182.png&#8221; title_text=&#8221;Lussier-Lucier-L&apos;Huissier-recul-logo-asso&#8221; align=&#8221;center&#8221; _builder_version=&#8221;4.20.4&#8243; _module_preset=&#8221;default&#8221; background_color=&#8221;RGBA(255,255,255,0)&#8221; global_colors_info=&#8221;{}&#8221;][\/et_pb_image][\/et_pb_column][et_pb_column type=&#8221;2_3&#8243; _builder_version=&#8221;4.20.4&#8243; _module_preset=&#8221;default&#8221; global_colors_info=&#8221;{}&#8221;][et_pb_text _builder_version=&#8221;4.21.0&#8243; _module_preset=&#8221;default&#8221; header_text_align=&#8221;left&#8221; header_line_height=&#8221;1.4em&#8221; header_2_font=&#8221;|600|||||||&#8221; header_2_text_align=&#8221;center&#8221; text_orientation=&#8221;center&#8221; custom_margin=&#8221;-1px|||||&#8221; custom_padding=&#8221;19px|||||&#8221; global_colors_info=&#8221;{}&#8221;]<\/p>\n<h1>Partner publications<\/h1>\n<p>[\/et_pb_text][\/et_pb_column][\/et_pb_row][\/et_pb_section][et_pb_section fb_built=&#8221;1&#8243; _builder_version=&#8221;4.21.0&#8243; _module_preset=&#8221;default&#8221; background_color=&#8221;#F2F2F2&#8243; min_height=&#8221;900px&#8221; custom_padding=&#8221;0px||||false|false&#8221; global_colors_info=&#8221;{}&#8221;][et_pb_row column_structure=&#8221;1_4,3_4&#8243; _builder_version=&#8221;4.21.0&#8243; _module_preset=&#8221;default&#8221; background_color=&#8221;RGBA(255,255,255,0)&#8221; border_width_bottom=&#8221;1px&#8221; global_colors_info=&#8221;{}&#8221;][et_pb_column type=&#8221;1_4&#8243; _builder_version=&#8221;4.20.4&#8243; _module_preset=&#8221;default&#8221; global_colors_info=&#8221;{}&#8221;][et_pb_image src=&#8221;https:\/\/familleslussier.com\/wp-content\/uploads\/2024\/09\/couverture-la-famille-parisienne.jpg&#8221; alt=&#8221;Lussier book cover&#8221; title_text=&#8221;Couverture-La-famille-parisienne&#8221; show_in_lightbox=&#8221;on&#8221; _builder_version=&#8221;4.27.0&#8243; _module_preset=&#8221;default&#8221; border_width_all=&#8221;1px&#8221; global_colors_info=&#8221;{}&#8221;][\/et_pb_image][\/et_pb_column][et_pb_column type=&#8221;3_4&#8243; _builder_version=&#8221;4.20.4&#8243; _module_preset=&#8221;default&#8221; global_colors_info=&#8221;{}&#8221;][et_pb_text disabled_on=&#8221;off|off|off&#8221; _builder_version=&#8221;4.27.4&#8243; _module_preset=&#8221;default&#8221; header_3_font=&#8221;|600|||||||&#8221; header_3_text_color=&#8221;#336699&#8243; header_3_line_height=&#8221;1.4em&#8221; header_4_line_height=&#8221;1.4em&#8221; global_colors_info=&#8221;{}&#8221;]<\/p>\n<h3>La famille parisienne et varennoise de Jacques Lhuissier \/ Lussier<\/h3>\n<h4>Author(s): Jos\u00e9e T\u00e9treault, Marcel Lussier<br \/>Number of pages: 352<br \/>Year of publication: 2024<\/h4>\n<p>For more information and\/or to buy this book: <br \/><a href=\"https:\/\/familleslussier.com\/en\/produit\/la-famille-parisienne-et-varennoise-de-jacques-lhuissier-lussier-copie\/\" target=\"_blank\" rel=\"noopener\">https:\/\/familleslussier.com\/en\/produit\/la-famille-parisienne-et-varennoise-de-jacques-lhuissier-lussier-copie<\/a><\/p>\n<p>[\/et_pb_text][et_pb_toggle title=&#8221;Book summary&#8221; _builder_version=&#8221;4.27.0&#8243; _module_preset=&#8221;default&#8221; global_colors_info=&#8221;{}&#8221;]<\/p>\n<p>From Paris, France, to Varennes, Quebec, Jos\u00e9e T\u00e9treault and Marcel Lussier tell the fabulous story of their Lussier (Lhuissier) ancestors.<br \/>\nWho were they?<br \/>\nWhere did they live?<br \/>\nWhat jobs did they do?<br \/>\nMeticulous research in archival documents, both in France and Quebec, has enabled them to retrace the history of the Lussier family, much to the delight of their descendants.    <\/p>\n<p>Join Jos\u00e9e and Marcel as they meet Jacques Lussier&#8217;s family in Paris.<br \/>\nIn the mid-17th century, Jacques Lussier&#8217;s father and grandfather, stonemasons Jacques and Pierre Lhuissier, and his grandmother, vair embroiderer Symphorienne Tallon, lived on Rue des Gravilliers.<br \/>\nFollow in the footsteps of Thomas Haye and Philipe Dez\u00e8gre, two of Jacques Lussier&#8217;s cousins who left their mark on the Ch\u00e2teau de Versailles.  <\/p>\n<p>In the company of the King&#8217;s Daughter Charlotte Lamarche, head to Dieppe in Normandy and board the ship Le Saint- Jean-Baptiste for New France.<br \/>\nAs soon as you step ashore in Quebec City in 1669, you&#8217;ll witness Charlotte&#8217;s marriage to none other than Jacques Lussier.<br \/>\nTwo years later, you&#8217;ll take part in the marriage of widowed Jacques Lussier to his second wife Catherine Cl\u00e9rice, another Fille du roi.  <\/p>\n<p>At the fief du Tremblay and Cap de Varennes, witness the joys and sorrows of the Lussier family.<br \/>\nOver the years, you&#8217;ll witness the births, marriages and deaths of the family&#8217;s many children.<br \/>\nAt the beginning of the 18th century, in the company of Jacques and Catherine, cross to \u00cele \u00e0 L&#8217;Huissier, their last residence.  <\/p>\n<p>In the winter of 1712-1713, set out in search of Jacques Lussier, ancestor of all the Lussiers, Lucier and Lucia of America, who left without leaving an address&#8230;.<\/p>\n<p><a href=\"https:\/\/familleslussier.com\/wp-content\/uploads\/2024\/09\/couverture-la-famille-parisienne-25-09-2024-final-large.jpg\" class=\"et_pb_lightbox_image\" title=\"Lussier-2 book cover\"><span class=\"et_pb_image_wrap \"><img loading=\"lazy\" decoding=\"async\" width=\"2160\" height=\"980\" src=\"https:\/\/familleslussier.com\/wp-content\/uploads\/2024\/09\/couverture-la-famille-parisienne-25-09-2024-final-large.jpg\" alt=\"Lussier-complete book cover\" title=\"Couverture-La-famille-parisienne\" srcset=\"https:\/\/familleslussier.com\/wp-content\/uploads\/2024\/09\/couverture-la-famille-parisienne-25-09-2024-final-large.jpg 2160w, https:\/\/fhttps:\/\/familleslussier.com\/wp-content\/uploads\/2024\/09\/couverture-la-famille-parisienne-25-09-2024-final-large.jpg 2160w\" sizes=\"(min-width: 0px) and (max-width: 2160px) 2160px, (min-width: 791px) 800px, 100vw\" class=\"wp-image-4722\"><\/span><\/a><\/p>\n<p>[\/et_pb_toggle][et_pb_text disabled_on=&#8221;off|off|off&#8221; _builder_version=&#8221;4.27.4&#8243; _module_preset=&#8221;default&#8221; global_colors_info=&#8221;{}&#8221;]<\/p>\n<p>This book is available at the <strong>Association des familles Lussier<\/strong>&#8216;s office: 2022 Place du 350e, local 206, Varennes, Quebec. Please make an appointment: 450 985-0702.<\/p>\n<p>To order this book and pay by cheque, <a href=\"https:\/\/familleslussier.com\/wp-content\/uploads\/2025\/12\/purchase-book-or-newsletter-v6.pdf\"><strong>COMPLETE THIS FORM<\/strong><\/a>.<\/p>\n<p>[\/et_pb_text][\/et_pb_column][\/et_pb_row][et_pb_row column_structure=&#8221;1_4,3_4&#8243; _builder_version=&#8221;4.21.0&#8243; _module_preset=&#8221;default&#8221; background_color=&#8221;RGBA(255,255,255,0)&#8221; border_width_bottom=&#8221;1px&#8221; global_colors_info=&#8221;{}&#8221;][et_pb_column type=&#8221;1_4&#8243; _builder_version=&#8221;4.20.4&#8243; _module_preset=&#8221;default&#8221; global_colors_info=&#8221;{}&#8221;][et_pb_image src=&#8221;https:\/\/familleslussier.com\/wp-content\/uploads\/2025\/10\/couvert-bulletin-5.jpg&#8221; alt=&#8221;cover image Le Parisien Vol 1-No-2&#8243; title_text=&#8221;couvert-bulletin-5&#8243; show_in_lightbox=&#8221;on&#8221; _builder_version=&#8221;4.27.4&#8243; _module_preset=&#8221;default&#8221; border_width_all=&#8221;1px&#8221; global_colors_info=&#8221;{}&#8221;][\/et_pb_image][\/et_pb_column][et_pb_column type=&#8221;3_4&#8243; _builder_version=&#8221;4.20.4&#8243; _module_preset=&#8221;default&#8221; global_colors_info=&#8221;{}&#8221;][et_pb_text _builder_version=&#8221;4.27.4&#8243; _module_preset=&#8221;default&#8221; header_3_font=&#8221;|600|||||||&#8221; header_3_text_color=&#8221;#336699&#8243; header_3_line_height=&#8221;1.4em&#8221; header_4_line_height=&#8221;1.4em&#8221; global_colors_info=&#8221;{}&#8221;]<\/p>\n<h3>Le Parisien<\/h3>\n<h4>Bulletin de l&#8217;Association des familles Lussier<br \/>No 5<br \/>Number of pages: 64<br \/>Year of publication: 2025<\/h4>\n<p>For further information and\/or to purchase this printed newsletter:<br \/><a href=\"https:\/\/familleslussier.com\/en\/produit\/le-parisien-no-5\/\" rel=\"noopener\">https:\/\/familleslussier.com\/en\/produit\/le-parisien-no-5\/<\/a><\/p>\n<p>[\/et_pb_text][et_pb_text disabled_on=&#8221;off|off|off&#8221; _builder_version=&#8221;4.27.4&#8243; _module_preset=&#8221;default&#8221; locked=&#8221;off&#8221; global_colors_info=&#8221;{}&#8221;]<\/p>\n<p>This newsletter is available at the <strong>Association des familles Lussier<\/strong>&#8216;s office, 2022 Place du 350e, local 206, Varennes, Qu\u00e9bec. Please make an appointment: 450 985-0702.<\/p>\n<p>To order this newsletter and pay by cheque, <a href=\"https:\/\/familleslussier.com\/wp-content\/uploads\/2025\/12\/purchase-book-or-newsletter-v6.pdf\"><strong>COMPLETE THIS FORM<\/strong><\/a>.<\/p>\n<p>[\/et_pb_text][\/et_pb_column][\/et_pb_row][et_pb_row column_structure=&#8221;1_4,3_4&#8243; _builder_version=&#8221;4.21.0&#8243; _module_preset=&#8221;default&#8221; background_color=&#8221;RGBA(255,255,255,0)&#8221; border_width_bottom=&#8221;1px&#8221; global_colors_info=&#8221;{}&#8221;][et_pb_column type=&#8221;1_4&#8243; _builder_version=&#8221;4.20.4&#8243; _module_preset=&#8221;default&#8221; global_colors_info=&#8221;{}&#8221;][et_pb_image src=&#8221;https:\/\/familleslussier.com\/wp-content\/uploads\/2025\/05\/couvert-bulletin-4.jpg&#8221; alt=&#8221;cover image Le Parisien Vol 1-No-2&#8243; title_text=&#8221;couvert-bulletin-4&#8243; show_in_lightbox=&#8221;on&#8221; _builder_version=&#8221;4.27.4&#8243; _module_preset=&#8221;default&#8221; border_width_all=&#8221;1px&#8221; global_colors_info=&#8221;{}&#8221;][\/et_pb_image][\/et_pb_column][et_pb_column type=&#8221;3_4&#8243; _builder_version=&#8221;4.20.4&#8243; _module_preset=&#8221;default&#8221; global_colors_info=&#8221;{}&#8221;][et_pb_text _builder_version=&#8221;4.27.4&#8243; _module_preset=&#8221;default&#8221; header_3_font=&#8221;|600|||||||&#8221; header_3_text_color=&#8221;#336699&#8243; header_3_line_height=&#8221;1.4em&#8221; header_4_line_height=&#8221;1.4em&#8221; custom_padding=&#8221;||0px|||&#8221; hover_enabled=&#8221;0&#8243; global_colors_info=&#8221;{}&#8221; sticky_enabled=&#8221;0&#8243;]<\/p>\n<h3>Le Parisien<\/h3>\n<h4>Bulletin de l&#8217;Association des familles Lussier<br \/>\nNo 4<br \/>\nNumber of pages: 60<br \/>\nYear of publication: 2024<\/h4>\n<p>For further information and\/or to purchase this printed newsletter:<br \/>\n<a href=\"https:\/\/familleslussier.com\/en\/produit\/le-parisien-no-3-copie\/\" rel=\"noopener\">https:\/\/familleslussier.com\/en\/produit\/le-parisien-no-4\/<\/a>[\/et_pb_text][et_pb_text disabled_on=&#8221;off|off|off&#8221; _builder_version=&#8221;4.27.4&#8243; _module_preset=&#8221;default&#8221; locked=&#8221;off&#8221; global_colors_info=&#8221;{}&#8221;]<\/p>\n<p>This newsletter is available at the <strong>Association des familles Lussier<\/strong>&#8216;s office, 2022 Place du 350e, local 206, Varennes, Qu\u00e9bec. Please make an appointment: 450 985-0702.<\/p>\n<p>To order this newsletter and pay by cheque, <a href=\"https:\/\/familleslussier.com\/wp-content\/uploads\/2025\/12\/purchase-book-or-newsletter-v6.pdf\"><strong>COMPLETE THIS FORM<\/strong><\/a>.<\/p>\n<p>[\/et_pb_text][\/et_pb_column][\/et_pb_row][et_pb_row column_structure=&#8221;1_4,3_4&#8243; _builder_version=&#8221;4.21.0&#8243; _module_preset=&#8221;default&#8221; background_color=&#8221;RGBA(255,255,255,0)&#8221; border_width_bottom=&#8221;1px&#8221; global_colors_info=&#8221;{}&#8221;][et_pb_column type=&#8221;1_4&#8243; _builder_version=&#8221;4.20.4&#8243; _module_preset=&#8221;default&#8221; global_colors_info=&#8221;{}&#8221;][et_pb_image src=&#8221;https:\/\/familleslussier.com\/wp-content\/uploads\/2024\/11\/le-parisien-no-3-28-10-2024-final-couverture.jpg&#8221; alt=&#8221;cover image Le Parisien Vol 1-No-2&#8243; title_text=&#8221;Le-Parisien_-No-3_28-10-2024_final_couverture&#8221; show_in_lightbox=&#8221;on&#8221; _builder_version=&#8221;4.27.2&#8243; _module_preset=&#8221;default&#8221; border_width_all=&#8221;1px&#8221; global_colors_info=&#8221;{}&#8221;][\/et_pb_image][\/et_pb_column][et_pb_column type=&#8221;3_4&#8243; _builder_version=&#8221;4.20.4&#8243; _module_preset=&#8221;default&#8221; global_colors_info=&#8221;{}&#8221;][et_pb_text _builder_version=&#8221;4.27.2&#8243; _module_preset=&#8221;default&#8221; header_3_font=&#8221;|600|||||||&#8221; header_3_text_color=&#8221;#336699&#8243; header_3_line_height=&#8221;1.4em&#8221; header_4_line_height=&#8221;1.4em&#8221; custom_padding=&#8221;||0px|||&#8221; global_colors_info=&#8221;{}&#8221;]<\/p>\n<h3>Le Parisien<\/h3>\n<h4>Bulletin de l&#8217;Association des familles Lussier<br \/>No 3<br \/>Number of pages: 60<br \/>Year of publication: 2024<\/h4>\n<p>For further information and\/or to purchase this printed newsletter:<br \/><a href=\"https:\/\/familleslussier.com\/en\/produit\/le-parisien-volume-2-no-1-copie\/\" rel=\"noopener\">https:\/\/familleslussier.com\/en\/produit\/le-parisien-no-3\/<\/a><\/p>\n<p>[\/et_pb_text][et_pb_text disabled_on=&#8221;off|off|off&#8221; _builder_version=&#8221;4.27.4&#8243; _module_preset=&#8221;default&#8221; locked=&#8221;off&#8221; global_colors_info=&#8221;{}&#8221;]<\/p>\n<p>This newsletter is available at the <strong>Association des familles Lussier<\/strong>&#8216;s office, 2022 Place du 350e, local 206, Varennes, Qu\u00e9bec. Please make an appointment: 450 985-0702.<\/p>\n<p>To order this newsletter and pay by cheque, <a href=\"https:\/\/familleslussier.com\/wp-content\/uploads\/2025\/12\/purchase-book-or-newsletter-v6.pdf\"><strong>COMPLETE THIS FORM<\/strong><\/a>.<\/p>\n<p>[\/et_pb_text][\/et_pb_column][\/et_pb_row][et_pb_row column_structure=&#8221;1_4,3_4&#8243; _builder_version=&#8221;4.21.0&#8243; _module_preset=&#8221;default&#8221; background_color=&#8221;RGBA(255,255,255,0)&#8221; border_width_bottom=&#8221;1px&#8221; global_colors_info=&#8221;{}&#8221;][et_pb_column type=&#8221;1_4&#8243; _builder_version=&#8221;4.20.4&#8243; _module_preset=&#8221;default&#8221; global_colors_info=&#8221;{}&#8221;][et_pb_image src=&#8221;https:\/\/familleslussier.com\/wp-content\/uploads\/2024\/04\/couvert-bulletin-v1-no2.jpg&#8221; alt=&#8221;cover image Le Parisien Vol 1-No-2&#8243; title_text=&#8221;cover-bulletin-v1-no2&#8243; show_in_lightbox=&#8221;on&#8221; _builder_version=&#8221;4.27.0&#8243; _module_preset=&#8221;default&#8221; border_width_all=&#8221;1px&#8221; global_colors_info=&#8221;{}&#8221;][\/et_pb_image][\/et_pb_column][et_pb_column type=&#8221;3_4&#8243; _builder_version=&#8221;4.20.4&#8243; _module_preset=&#8221;default&#8221; global_colors_info=&#8221;{}&#8221;][et_pb_text _builder_version=&#8221;4.27.2&#8243; _module_preset=&#8221;default&#8221; header_3_font=&#8221;|600|||||||&#8221; header_3_text_color=&#8221;#336699&#8243; header_3_line_height=&#8221;1.4em&#8221; header_4_line_height=&#8221;1.4em&#8221; custom_padding=&#8221;||1px|||&#8221; global_colors_info=&#8221;{}&#8221;]<\/p>\n<h3>Le Parisien<\/h3>\n<h4>Bulletin de l&#8217;Association des familles Lussier<br \/>Volume 2, No 1<br \/>Number of pages: 60<br \/>Year of publication: 2024<\/h4>\n<p>For more information and\/or to purchase this printed newsletter:<br \/><a href=\"https:\/\/familleslussier.com\/en\/produit\/le-parisien-volume-1-no-1-copie\/\" rel=\"noopener\">https:\/\/familleslussier.com\/en\/produit\/le-parisien-volume-1-no-1-copie\/<\/a><\/p>\n<p>[\/et_pb_text][et_pb_text disabled_on=&#8221;off|off|off&#8221; _builder_version=&#8221;4.27.4&#8243; _module_preset=&#8221;default&#8221; locked=&#8221;off&#8221; global_colors_info=&#8221;{}&#8221;]This newsletter is available at the <strong>Association des familles Lussier<\/strong>&#8216;s office, 2022 Place du 350e, local 206, Varennes, Qu\u00e9bec. Please make an appointment: 450 985-0702.<\/p>\n<p>To order this newsletter and pay by cheque, <a href=\"https:\/\/familleslussier.com\/wp-content\/uploads\/2025\/12\/purchase-book-or-newsletter-v6.pdf\"><strong>COMPLETE THIS FORM<\/strong><\/a>.[\/et_pb_text][\/et_pb_column][\/et_pb_row][et_pb_row column_structure=&#8221;1_4,3_4&#8243; _builder_version=&#8221;4.21.0&#8243; _module_preset=&#8221;default&#8221; background_color=&#8221;RGBA(255,255,255,0)&#8221; border_width_bottom=&#8221;1px&#8221; global_colors_info=&#8221;{}&#8221;][et_pb_column type=&#8221;1_4&#8243; _builder_version=&#8221;4.20.4&#8243; _module_preset=&#8221;default&#8221; global_colors_info=&#8221;{}&#8221;][et_pb_image src=&#8221;https:\/\/familleslussier.com\/wp-content\/uploads\/2023\/10\/couvert-bulletin-v1-no1.jpg&#8221; title_text=&#8221;cover-bulletin-v1-no1&#8243; show_in_lightbox=&#8221;on&#8221; _builder_version=&#8221;4.27.0&#8243; _module_preset=&#8221;default&#8221; border_width_all=&#8221;1px&#8221; global_colors_info=&#8221;{}&#8221;][\/et_pb_image][\/et_pb_column][et_pb_column type=&#8221;3_4&#8243; _builder_version=&#8221;4.20.4&#8243; _module_preset=&#8221;default&#8221; global_colors_info=&#8221;{}&#8221;][et_pb_text _builder_version=&#8221;4.27.0&#8243; _module_preset=&#8221;default&#8221; header_3_font=&#8221;|600|||||||&#8221; header_3_text_color=&#8221;#336699&#8243; header_3_line_height=&#8221;1.4em&#8221; header_4_line_height=&#8221;1.4em&#8221; global_colors_info=&#8221;{}&#8221;]<\/p>\n<h3>Le Parisien<\/h3>\n<h4>Bulletin de l&#8217;Association des familles Lussier<br \/>Volume 1, No 1<br \/>Number of pages: 56<br \/>Year of publication: 2023<\/h4>\n<p>For more information and\/or to purchase this printed newsletter: <br \/><a href=\"https:\/\/familleslussier.com\/en\/produit\/le-parisien-volume-1-no-1\/\" rel=\"noopener\">https:\/\/familleslussier.com\/en\/produit\/le-parisien-volume-1-no-1-copie\/<\/a><\/p>\n<p>[\/et_pb_text][et_pb_text disabled_on=&#8221;off|off|off&#8221; _builder_version=&#8221;4.27.4&#8243; _module_preset=&#8221;default&#8221; locked=&#8221;off&#8221; global_colors_info=&#8221;{}&#8221;]<\/p>\n<p>This newsletter is available at the <strong>Association des familles Lussier<\/strong>&#8216;s office, 2022 Place du 350e, local 206, Varennes, Qu\u00e9bec. Please make an appointment: 450 985-0702.<\/p>\n<p>To order this newsletter and pay by cheque, <a href=\"https:\/\/familleslussier.com\/wp-content\/uploads\/2025\/12\/purchase-book-or-newsletter-v6.pdf\"><strong>COMPLETE THIS FORM<\/strong><\/a>.<\/p>\n<p>[\/et_pb_text][\/et_pb_column][\/et_pb_row][et_pb_row column_structure=&#8221;1_4,3_4&#8243; _builder_version=&#8221;4.21.0&#8243; _module_preset=&#8221;default&#8221; background_color=&#8221;RGBA(255,255,255,0)&#8221; border_width_bottom=&#8221;1px&#8221; global_colors_info=&#8221;{}&#8221;][et_pb_column type=&#8221;1_4&#8243; _builder_version=&#8221;4.20.4&#8243; _module_preset=&#8221;default&#8221; global_colors_info=&#8221;{}&#8221;][et_pb_image src=&#8221;https:\/\/familleslussier.com\/wp-content\/uploads\/2024\/10\/terre-de-nos-aieux.jpg&#8221; alt=&#8221;Terre de nos a\u00efeux book cover&#8221; title_text=&#8221;terre-de-nos-aieux&#8221; _builder_version=&#8221;4.27.2&#8243; _module_preset=&#8221;default&#8221; border_width_all=&#8221;1px&#8221; global_colors_info=&#8221;{}&#8221;][\/et_pb_image][\/et_pb_column][et_pb_column type=&#8221;3_4&#8243; _builder_version=&#8221;4.20.4&#8243; _module_preset=&#8221;default&#8221; global_colors_info=&#8221;{}&#8221;][et_pb_text _builder_version=&#8221;4.27.2&#8243; _module_preset=&#8221;default&#8221; header_3_font=&#8221;|600|||||||&#8221; header_3_text_color=&#8221;#336699&#8243; header_3_line_height=&#8221;1.4em&#8221; header_4_line_height=&#8221;1.4em&#8221; global_colors_info=&#8221;{}&#8221;]<\/p>\n<h3>Land of our foremothers<\/h3>\n<h4>Author: Nicole Lussier<br \/>Number of pages: 476<br \/>Year of publication: 2024<\/h4>\n<p>For more information and\/or to buy this book:<br \/><a href=\"https:\/\/saint-jeanediteur.com\/titre\/terre-de-nos-aieules\/\" target=\"_blank\" rel=\"noopener\">https:\/\/saint-jeanediteur.com\/titre\/terre-de-nos-aieules\/<\/a><\/p>\n<p>[\/et_pb_text][\/et_pb_column][\/et_pb_row][et_pb_row column_structure=&#8221;1_4,3_4&#8243; _builder_version=&#8221;4.21.0&#8243; _module_preset=&#8221;default&#8221; background_color=&#8221;RGBA(255,255,255,0)&#8221; border_width_bottom=&#8221;1px&#8221; global_colors_info=&#8221;{}&#8221;][et_pb_column type=&#8221;1_4&#8243; _builder_version=&#8221;4.20.4&#8243; _module_preset=&#8221;default&#8221; global_colors_info=&#8221;{}&#8221;][et_pb_image src=&#8221;https:\/\/familleslussier.com\/wp-content\/uploads\/2023\/06\/lussier-jacques-lussier-un-parisien-en-nouvelle-france.jpg&#8221; title_text=&#8221;lussier-jacques-lussier-un-parisien-en-nouvelle-france&#8221; _builder_version=&#8221;4.21.0&#8243; _module_preset=&#8221;default&#8221; border_width_all=&#8221;1px&#8221; global_colors_info=&#8221;{}&#8221;][\/et_pb_image][\/et_pb_column][et_pb_column type=&#8221;3_4&#8243; _builder_version=&#8221;4.20.4&#8243; _module_preset=&#8221;default&#8221; global_colors_info=&#8221;{}&#8221;][et_pb_text _builder_version=&#8221;4.21.0&#8243; _module_preset=&#8221;default&#8221; header_3_font=&#8221;|600|||||||&#8221; header_3_text_color=&#8221;#336699&#8243; header_3_line_height=&#8221;1.4em&#8221; header_4_line_height=&#8221;1.4em&#8221; global_colors_info=&#8221;{}&#8221;]<\/p>\n<h3>Lussier : Jacques Lussier, un parisien en Nouvelle-France<\/h3>\n<h4>Author(s): Madeleine B Lussier, Roland Plante Number of pages: 369 Year of publication: 2018<\/h4>\n<p>  For more information and\/or to buy this book :  <br \/><a href=\"https:\/\/shps.qc.ca\/product\/lussier-jacques-lussier-un-parisien-en-nouvelle-france\/\" target=\"_blank\" rel=\"noopener\">https:\/\/shps.qc.ca\/product\/lussier-jacques-lussier-un-parisien-en-nouvelle-france\/#<\/a>[\/et_pb_text][\/et_pb_column][\/et_pb_row][et_pb_row column_structure=&#8221;1_4,3_4&#8243; _builder_version=&#8221;4.21.0&#8243; _module_preset=&#8221;default&#8221; background_color=&#8221;RGBA(255,255,255,0)&#8221; border_width_bottom=&#8221;1px&#8221; global_colors_info=&#8221;{}&#8221;][et_pb_column type=&#8221;1_4&#8243; _builder_version=&#8221;4.20.4&#8243; _module_preset=&#8221;default&#8221; global_colors_info=&#8221;{}&#8221;][et_pb_image src=&#8221;https:\/\/familleslussier.com\/wp-content\/uploads\/2023\/06\/jacques-lussier-arrive.jpg&#8221; title_text=&#8221;Jacques-Lussier-arrive&#8221; _builder_version=&#8221;4.21.0&#8243; _module_preset=&#8221;default&#8221; border_width_all=&#8221;1px&#8221; global_colors_info=&#8221;{}&#8221;][\/et_pb_image][\/et_pb_column][et_pb_column type=&#8221;3_4&#8243; _builder_version=&#8221;4.20.4&#8243; _module_preset=&#8221;default&#8221; global_colors_info=&#8221;{}&#8221;][et_pb_text _builder_version=&#8221;4.21.0&#8243; _module_preset=&#8221;default&#8221; header_3_font=&#8221;|600|||||||&#8221; header_3_text_color=&#8221;#336699&#8243; header_4_line_height=&#8221;1.4em&#8221; global_colors_info=&#8221;{}&#8221;]<\/p>\n<h3>Jacques Lussier arrives<\/h3>\n<h4><span>This brochure is on sale for $10.00.<\/span><\/h4>\n<p>  For more information and\/or to buy this book :  <br \/><a href=\"https:\/\/histoirevarennes.com\/activites\/publications\/\" target=\"_blank\" rel=\"noopener\">https:\/\/histoirevarennes.com\/activites\/publications\/<\/a>[\/et_pb_text][\/et_pb_column][\/et_pb_row][et_pb_row column_structure=&#8221;2_5,3_5&#8243; _builder_version=&#8221;4.21.0&#8243; _module_preset=&#8221;default&#8221; background_color=&#8221;RGBA(255,255,255,0)&#8221; border_width_bottom=&#8221;1px&#8221; global_colors_info=&#8221;{}&#8221;][et_pb_column type=&#8221;2_5&#8243; _builder_version=&#8221;4.20.4&#8243; _module_preset=&#8221;default&#8221; global_colors_info=&#8221;{}&#8221;][et_pb_image src=&#8221;https:\/\/familleslussier.com\/wp-content\/uploads\/2023\/06\/5-seigneuries-de-varennes.jpg&#8221; title_text=&#8221;5-seigneuries-de-varennes&#8221; _builder_version=&#8221;4.21.0&#8243; _module_preset=&#8221;default&#8221; border_width_all=&#8221;1px&#8221; global_colors_info=&#8221;{}&#8221;][\/et_pb_image][\/et_pb_column][et_pb_column type=&#8221;3_5&#8243; _builder_version=&#8221;4.20.4&#8243; _module_preset=&#8221;default&#8221; global_colors_info=&#8221;{}&#8221;][et_pb_text _builder_version=&#8221;4.21.0&#8243; _module_preset=&#8221;default&#8221; header_3_font=&#8221;|600|||||||&#8221; header_3_text_color=&#8221;#336699&#8243; header_3_line_height=&#8221;1.4em&#8221; header_4_line_height=&#8221;1.4em&#8221; global_colors_info=&#8221;{}&#8221;]<\/p>\n<h3>Les 5 seigneuries de Varennes<\/h3>\n<h4>Jean-Guy Villemure, a member of the &#8216;Soci\u00e9t\u00e9 d&#8217;histoire de Varennes&#8217;, has written and edited a history of the five seigneuries of Varennes: Seigneurie du Cap de Varennes, Seigneurie du Cap de la Trinit\u00e9, Seigneurie du Cap Saint-Michel, Seigneurie de la Guillaudi\u00e8re and Seigneurie de l&#8217;\u00eele Sainte-Th\u00e9r\u00e8se.<\/h4>\n<p>For more information and\/or to buy this book: <br \/><a href=\"https:\/\/histoirevarennes.com\/activites\/publications\/\" target=\"_blank\" rel=\"noopener\">https:\/\/histoirevarennes.com\/activites\/publications\/<\/a><\/p>\n<p>[\/et_pb_text][\/et_pb_column][\/et_pb_row][et_pb_row column_structure=&#8221;2_5,3_5&#8243; _builder_version=&#8221;4.21.0&#8243; _module_preset=&#8221;default&#8221; background_color=&#8221;RGBA(255,255,255,0)&#8221; border_width_bottom=&#8221;1px&#8221; global_colors_info=&#8221;{}&#8221;][et_pb_column type=&#8221;2_5&#8243; _builder_version=&#8221;4.20.4&#8243; _module_preset=&#8221;default&#8221; global_colors_info=&#8221;{}&#8221;][et_pb_image src=&#8221;https:\/\/familleslussier.com\/wp-content\/uploads\/2023\/06\/page-couverture-varennes-synthese-archeologique-2.jpg&#8221; title_text=&#8221;page-cover-varennes_synthese_archeologique-2&#8243; _builder_version=&#8221;4.21.0&#8243; _module_preset=&#8221;default&#8221; border_width_all=&#8221;1px&#8221; global_colors_info=&#8221;{}&#8221;][\/et_pb_image][\/et_pb_column][et_pb_column type=&#8221;3_5&#8243; _builder_version=&#8221;4.20.4&#8243; _module_preset=&#8221;default&#8221; global_colors_info=&#8221;{}&#8221;][et_pb_text _builder_version=&#8221;4.21.0&#8243; _module_preset=&#8221;default&#8221; header_3_font=&#8221;|600|||||||&#8221; header_3_text_color=&#8221;#336699&#8243; header_3_line_height=&#8221;1.4em&#8221; header_4_line_height=&#8221;1.4em&#8221; global_colors_info=&#8221;{}&#8221;]<\/p>\n<h3>L\u2019arch\u00e9ologie \u00e0 Varennes, une parcelle d\u2019histoire.<\/h3>\n<h4>Synth\u00e8se des connaissances arch\u00e9ologiques dans la Ville de Varennes (Summary of archaeological knowledge in the City of Varennes)<\/h4>\n<p>For more information and\/or to buy this book: <br \/><a href=\"https:\/\/histoirevarennes.com\/activites\/publications\/\" target=\"_blank\" rel=\"noopener\">https:\/\/histoirevarennes.com\/activites\/publications\/<\/a><\/p>\n<p>[\/et_pb_text][\/et_pb_column][\/et_pb_row][et_pb_row column_structure=&#8221;1_4,3_4&#8243; _builder_version=&#8221;4.21.0&#8243; _module_preset=&#8221;default&#8221; background_color=&#8221;RGBA(255,255,255,0)&#8221; border_width_bottom=&#8221;1px&#8221; global_colors_info=&#8221;{}&#8221;][et_pb_column type=&#8221;1_4&#8243; _builder_version=&#8221;4.20.4&#8243; _module_preset=&#8221;default&#8221; global_colors_info=&#8221;{}&#8221;][et_pb_image src=&#8221;https:\/\/familleslussier.com\/wp-content\/uploads\/2023\/06\/de-fleuve-et-d-exploits.jpg&#8221; title_text=&#8221;de-fleuve-et-d-exploits&#8221; _builder_version=&#8221;4.21.0&#8243; _module_preset=&#8221;default&#8221; border_width_all=&#8221;1px&#8221; global_colors_info=&#8221;{}&#8221;][\/et_pb_image][\/et_pb_column][et_pb_column type=&#8221;3_4&#8243; _builder_version=&#8221;4.20.4&#8243; _module_preset=&#8221;default&#8221; global_colors_info=&#8221;{}&#8221;][et_pb_text _builder_version=&#8221;4.21.0&#8243; _module_preset=&#8221;default&#8221; header_3_font=&#8221;|600|||||||&#8221; header_3_text_color=&#8221;#336699&#8243; header_3_line_height=&#8221;1.4em&#8221; header_4_line_height=&#8221;1.4em&#8221; global_colors_info=&#8221;{}&#8221;]<\/p>\n<h4>Varennes 1672-2022 <\/h4>\n<h3>Of river and exploits  <\/h3>\n<h4>Written by historian Denis Gravel in collaboration with the &#8216;Soci\u00e9t\u00e9 d&#8217;histoire de Varennes&#8217;, this 350-page work covers the history of Varennes from before 1672 to 2022, including a full chapter on the last 50 years of today&#8217;s Ville de Varennes. The &#8216;Soci\u00e9t\u00e9 d&#8217;histoire de Varennes&#8217; was actively involved in the preparation of this book, a must-have for your library.<\/h4>\n<p>  For more information and\/or to buy this book :  <br \/><a href=\"https:\/\/histoirevarennes.com\/activites\/publications\/\" target=\"_blank\" rel=\"noopener\">https:\/\/histoirevarennes.com\/activites\/publications\/<\/a>[\/et_pb_text][\/et_pb_column][\/et_pb_row][et_pb_row column_structure=&#8221;1_4,3_4&#8243; _builder_version=&#8221;4.21.0&#8243; _module_preset=&#8221;default&#8221; background_color=&#8221;RGBA(255,255,255,0)&#8221; global_colors_info=&#8221;{}&#8221;][et_pb_column type=&#8221;1_4&#8243; _builder_version=&#8221;4.20.4&#8243; _module_preset=&#8221;default&#8221; global_colors_info=&#8221;{}&#8221;][et_pb_image src=&#8221;https:\/\/familleslussier.com\/wp-content\/uploads\/2023\/06\/les-filles-du-roy.jpg&#8221; title_text=&#8221;les-filles-du-roy&#8221; _builder_version=&#8221;4.21.0&#8243; _module_preset=&#8221;default&#8221; border_width_all=&#8221;1px&#8221; global_colors_info=&#8221;{}&#8221;][\/et_pb_image][\/et_pb_column][et_pb_column type=&#8221;3_4&#8243; _builder_version=&#8221;4.20.4&#8243; _module_preset=&#8221;default&#8221; global_colors_info=&#8221;{}&#8221;][et_pb_text _builder_version=&#8221;4.21.0&#8243; _module_preset=&#8221;default&#8221; header_3_font=&#8221;|600|||||||&#8221; header_3_text_color=&#8221;#336699&#8243; header_3_line_height=&#8221;1.4em&#8221; header_4_line_height=&#8221;1.4em&#8221; global_colors_info=&#8221;{}&#8221;]<\/p>\n<h3>Les Filles du Roy, pionni\u00e8res des seigneuries de Varennes et de Verch\u00e8res<\/h3>\n<h4>Biographies of the &#8216;Filles du Roy&#8217; who settled in Varennes (13) and Verch\u00e8res (11), as well as texts on the territory, the seigneurial system, the common mill, the governors of New France and their edicts, and Madeleine de Verch\u00e8res. This book lifts the veil on these &#8220;mothers of the nation&#8221;, invisible women in history who, along with other pioneers, helped populate and develop French America.  <\/h4>\n<p>  For more information and\/or to buy this book :  <br \/><a href=\"https:\/\/histoirevarennes.com\/activites\/publications\/\" target=\"_blank\" rel=\"noopener\">https:\/\/histoirevarennes.com\/activites\/publications\/<\/a>[\/et_pb_text][\/et_pb_column][\/et_pb_row][\/et_pb_section]<\/p>\n","protected":false},"excerpt":{"rendered":"<p>Partner publicationsLa famille parisienne et varennoise de Jacques Lhuissier \/ Lussier Author(s): Jos\u00e9e T\u00e9treault, Marcel LussierNumber of pages: 352Year of publication: 2024 For more information and\/or to buy this book: https:\/\/familleslussier.com\/en\/produit\/la-famille-parisienne-et-varennoise-de-jacques-lhuissier-lussier-copieFrom Paris, France, to Varennes, Quebec, Jos\u00e9e T\u00e9treault and Marcel Lussier tell the fabulous story of their Lussier (Lhuissier) ancestors. Who were they? Where did [&hellip;]<\/p>\n","protected":false},"author":2,"featured_media":0,"parent":0,"menu_order":0,"comment_status":"closed","ping_status":"closed","template":"","meta":{"_et_pb_use_builder":"on","_et_pb_old_content":"","_et_gb_content_width":"","inline_featured_image":false,"om_disable_all_campaigns":false,"_monsterinsights_skip_tracking":false,"_monsterinsights_sitenote_active":false,"_monsterinsights_sitenote_note":"","_monsterinsights_sitenote_category":0,"footnotes":""},"class_list":["post-3010","page","type-page","status-publish","hentry"],"aioseo_notices":[],"_links":{"self":[{"href":"https:\/\/familleslussier.com\/en\/wp-json\/wp\/v2\/pages\/3010","targetHints":{"allow":["GET"]}}],"collection":[{"href":"https:\/\/familleslussier.com\/en\/wp-json\/wp\/v2\/pages"}],"about":[{"href":"https:\/\/familleslussier.com\/en\/wp-json\/wp\/v2\/types\/page"}],"author":[{"embeddable":true,"href":"https:\/\/familleslussier.com\/en\/wp-json\/wp\/v2\/users\/2"}],"replies":[{"embeddable":true,"href":"https:\/\/familleslussier.com\/en\/wp-json\/wp\/v2\/comments?post=3010"}],"version-history":[{"count":45,"href":"https:\/\/familleslussier.com\/en\/wp-json\/wp\/v2\/pages\/3010\/revisions"}],"predecessor-version":[{"id":6581,"href":"https:\/\/familleslussier.com\/en\/wp-json\/wp\/v2\/pages\/3010\/revisions\/6581"}],"wp:attachment":[{"href":"https:\/\/familleslussier.com\/en\/wp-json\/wp\/v2\/media?parent=3010"}],"curies":[{"name":"wp","href":"https:\/\/api.w.org\/{rel}","templated":true}]}}