{"id":2948,"date":"2023-04-12T18:16:40","date_gmt":"2023-04-12T22:16:40","guid":{"rendered":"https:\/\/familleslussier.com\/events\/"},"modified":"2025-12-28T07:17:33","modified_gmt":"2025-12-28T12:17:33","slug":"events","status":"publish","type":"page","link":"https:\/\/familleslussier.com\/en\/events\/","title":{"rendered":"Events"},"content":{"rendered":"<p>[et_pb_section fb_built=&#8221;1&#8243; _builder_version=&#8221;4.21.0&#8243; _module_preset=&#8221;default&#8221; background_color=&#8221;#F8F8F8&#8243; background_enable_image=&#8221;off&#8221; background_size=&#8221;initial&#8221; background_position=&#8221;bottom_right&#8221; background_enable_pattern_style=&#8221;on&#8221; background_pattern_style=&#8221;smiles&#8221; background_pattern_blend_mode=&#8221;soft-light&#8221; custom_padding=&#8221;||3px|||&#8221; locked=&#8221;off&#8221; global_colors_info=&#8221;{}&#8221;][et_pb_row column_structure=&#8221;1_3,1_3,1_3&#8243; make_equal=&#8221;on&#8221; _builder_version=&#8221;4.22.1&#8243; _module_preset=&#8221;default&#8221; background_enable_image=&#8221;off&#8221; background_size=&#8221;initial&#8221; background_position=&#8221;top_right&#8221; custom_padding=&#8221;0px||||false|false&#8221; global_colors_info=&#8221;{}&#8221;][et_pb_column type=&#8221;1_3&#8243; _builder_version=&#8221;4.20.4&#8243; _module_preset=&#8221;default&#8221; global_colors_info=&#8221;{}&#8221;][et_pb_image src=&#8221;https:\/\/familleslussier.com\/wp-content\/uploads\/2023\/04\/lussier-lucier-lhuissier-recul-logo-asso-300&#215;182.png&#8221; title_text=&#8221;Lussier-Lucier-L&#8217;Huissier-recul-logo-asso&#8221; align=&#8221;center&#8221; _builder_version=&#8221;4.20.4&#8243; _module_preset=&#8221;default&#8221; background_color=&#8221;RGBA(255,255,255,0)&#8221; global_colors_info=&#8221;{}&#8221;][\/et_pb_image][\/et_pb_column][et_pb_column type=&#8221;1_3&#8243; _builder_version=&#8221;4.20.4&#8243; _module_preset=&#8221;default&#8221; global_colors_info=&#8221;{}&#8221;][et_pb_text _builder_version=&#8221;4.22.1&#8243; _module_preset=&#8221;default&#8221; header_text_align=&#8221;left&#8221; header_line_height=&#8221;1.4em&#8221; header_2_font=&#8221;|600|||||||&#8221; header_2_text_align=&#8221;center&#8221; text_orientation=&#8221;center&#8221; custom_margin=&#8221;-1px|||||&#8221; custom_padding=&#8221;19px|||||&#8221; global_colors_info=&#8221;{}&#8221;]<\/p>\n<h1>Events<\/h1>\n<p>[\/et_pb_text][\/et_pb_column][et_pb_column type=&#8221;1_3&#8243; _builder_version=&#8221;4.20.4&#8243; _module_preset=&#8221;default&#8221; global_colors_info=&#8221;{}&#8221;][et_pb_image src=&#8221;https:\/\/familleslussier.com\/wp-content\/uploads\/2023\/04\/fichier-3grains.png&#8221; title_text=&#8221;3grains file&#8221; _builder_version=&#8221;4.22.1&#8243; _module_preset=&#8221;default&#8221; width_tablet=&#8221;&#8221; width_phone=&#8221;33%&#8221; width_last_edited=&#8221;on|phone&#8221; module_alignment=&#8221;right&#8221; global_colors_info=&#8221;{}&#8221;][\/et_pb_image][\/et_pb_column][\/et_pb_row][\/et_pb_section][et_pb_section fb_built=&#8221;1&#8243; _builder_version=&#8221;4.22.1&#8243; _module_preset=&#8221;default&#8221; background_color=&#8221;rgba(51,102,153,0.76)&#8221; background_enable_pattern_style=&#8221;on&#8221; background_pattern_style=&#8221;crosses&#8221; background_pattern_size=&#8221;custom&#8221; background_pattern_width=&#8221;20px&#8221; background_pattern_height=&#8221;0px&#8221; background_pattern_blend_mode=&#8221;soft-light&#8221; min_height=&#8221;900px&#8221; custom_padding=&#8221;26px|||||&#8221; global_colors_info=&#8221;{}&#8221;][et_pb_row _builder_version=&#8221;4.20.4&#8243; _module_preset=&#8221;default&#8221; global_colors_info=&#8221;{}&#8221;][et_pb_column type=&#8221;4_4&#8243; _builder_version=&#8221;4.20.4&#8243; _module_preset=&#8221;default&#8221; global_colors_info=&#8221;{}&#8221;][et_pb_toggle title=&#8221;Le 18 octobre 2025 : Brunch at Restaurant Lussier in Saint-Hyacinthe  :  Launch of bulletin No 5 | Recap of the trip inFrance | Conference \u00a0%22Accoucheuses et f\u00e9ministes%22.&#8221; open=&#8221;on&#8221; use_icon_font_size=&#8221;on&#8221; icon_font_size=&#8221;28px&#8221; open_icon_color=&#8221;#336699&#8243; _builder_version=&#8221;4.27.4&#8243; _module_preset=&#8221;default&#8221; title_line_height=&#8221;1.3em&#8221; hover_enabled=&#8221;0&#8243; global_colors_info=&#8221;{}&#8221; sticky_enabled=&#8221;0&#8243;]<\/p>\n<div><img decoding=\"async\" src=\"https:\/\/familleslussier.com\/wp-content\/uploads\/2025\/09\/publicite-brunch-restaurant-lussier2.jpg\" width=\"600\" alt=\"\" class=\"wp-image-6085 aligncenter size-full\" style=\"float: left;width: 600px;margin-right: 22px\" srcset=\"https:\/\/familleslussier.com\/wp-content\/uploads\/2025\/09\/publicite-brunch-restaurant-lussier2.jpg 800w, https:\/\/familleslussier.com\/wp-content\/uploads\/2025\/09\/publicite-brunch-restaurant-lussier2-480x611.jpg 480w\" sizes=\"(min-width: 0px) and (max-width: 480px) 480px, (min-width: 481px) 800px, 100vw\" \/><\/div>\n<div>\n<p><img decoding=\"async\" src=\"https:\/\/familleslussier.com\/wp-content\/uploads\/2025\/10\/571231754-10166194499030278-3723624906611628243-n.jpg\" width=\"300\" alt=\"\" class=\"wp-image-6360 aligncenter size-full\" srcset=\"https:\/\/familleslussier.com\/wp-content\/uploads\/2025\/10\/571231754-10166194499030278-3723624906611628243-n.jpg 843w, https:\/\/familleslussier.com\/wp-content\/uploads\/2025\/10\/571231754-10166194499030278-3723624906611628243-n-480x456.jpg 480w\" sizes=\"(min-width: 0px) and (max-width: 480px) 480px, (min-width: 481px) 843px, 100vw\" \/><\/p>\n<p><img loading=\"lazy\" decoding=\"async\" src=\"https:\/\/familleslussier.com\/wp-content\/uploads\/2025\/10\/571228534-10166194499015278-8591120827963654670-n.jpg\" width=\"225\" height=\"300\" alt=\"\" class=\"wp-image-6356 size-medium\" \/><\/p>\n<p><img loading=\"lazy\" decoding=\"async\" src=\"https:\/\/familleslussier.com\/wp-content\/uploads\/2025\/10\/571300996-10166194498935278-5419233628660332603-n.jpg\" width=\"300\" height=\"220\" alt=\"\" class=\"wp-image-6368 size-medium\" \/><\/p>\n<\/div>\n<p><strong><a href=\"https:\/\/familleslussier.com\/en\/october-18-2025-brunch-at-lussier-restaurant-in-saint-hyacinthe\/\" title=\"Brunch\"><br \/>\nRecap of the event<\/a><\/strong>[\/et_pb_toggle][et_pb_toggle title=&#8221;From September 14 to 24, 2025: Trip to France | Pilgrimage in the footsteps of our ancestors.&#8221; use_icon_font_size=&#8221;on&#8221; icon_font_size=&#8221;28px&#8221; open_icon_color=&#8221;#336699&#8243; admin_label=&#8221;voyage&#8221; _builder_version=&#8221;4.27.4&#8243; _module_preset=&#8221;default&#8221; title_line_height=&#8221;1.3em&#8221; global_colors_info=&#8221;{}&#8221;]<\/p>\n<div><img decoding=\"async\" src=\"https:\/\/familleslussier.com\/wp-content\/uploads\/2024\/12\/publicite-voyage-en-france-lussier-2025.jpg\" width=\"600\" alt=\"\" class=\"wp-image-6085 aligncenter size-full\" style=\"float: left;width: 600px;margin-right: 22px\" \/><\/div>\n<div>\n<p>&nbsp;<\/p>\n<p>&nbsp;<\/p>\n<\/div>\n<p><img loading=\"lazy\" decoding=\"async\" src=\"https:\/\/familleslussier.com\/wp-content\/uploads\/2025\/10\/554755076-10238783208020101-5045339495971815613-n-300x225.jpg\" width=\"300\" height=\"225\" alt=\"\" class=\"wp-image-6312 aligncenter size-medium\" \/><\/p>\n<p><img loading=\"lazy\" decoding=\"async\" src=\"https:\/\/familleslussier.com\/wp-content\/uploads\/2025\/10\/548336779-10239812738644314-7980670601007695212-n-225x300.jpg\" width=\"225\" height=\"300\" alt=\"\" class=\"wp-image-6252 aligncenter size-medium\" \/><\/p>\n<p><strong><a href=\"https:\/\/familleslussier.com\/en\/from-september-14-to-24-2025-trip-to-france-pilgrimage-in-the-footsteps-of-our-ancestors\/\" title=\"voyage\">Recap of the event<\/a><\/strong>[\/et_pb_toggle][et_pb_toggle title=&#8221;May 3, 2025: Annual General Assembly at the sugar shack, launch of Newsletter No. 4, and conference &#8216;Your Family Archives'&#8221; use_icon_font_size=&#8221;on&#8221; icon_font_size=&#8221;28px&#8221; open_icon_color=&#8221;#336699&#8243; _builder_version=&#8221;4.27.4&#8243; _module_preset=&#8221;default&#8221; title_line_height=&#8221;1.3em&#8221; global_colors_info=&#8221;{}&#8221;]<\/p>\n<p style=\"text-align: left;\"><img loading=\"lazy\" decoding=\"async\" src=\"https:\/\/familleslussier.com\/wp-content\/uploads\/2025\/03\/2025-25-03-publicite-cabane-a-sucre-web.jpg\" width=\"674\" height=\"1000\" alt=\"Publicit\u00e9 AGA 2025\" class=\"wp-image-5446 aligncenter size-full\" srcset=\"https:\/\/familleslussier.com\/wp-content\/uploads\/2025\/03\/2025-25-03-publicite-cabane-a-sucre-web.jpg 674w, https:\/\/familleslussier.com\/wp-content\/uploads\/2025\/03\/2025-25-03-publicite-cabane-a-sucre-web-480x712.jpg 480w\" sizes=\"(min-width: 0px) and (max-width: 480px) 480px, (min-width: 481px) 674px, 100vw\" \/><\/p>\n<p><strong><a href=\"https:\/\/familleslussier.com\/en\/annual-general-meeting-2025-at-the-sugar-shack\/\" title=\"assembl\u00e9e g\u00e9n\u00e9rale annuelle\">Read more<\/a><\/strong>[\/et_pb_toggle][et_pb_toggle title=&#8221;December 10, 2024: Open House&#8221; use_icon_font_size=&#8221;on&#8221; icon_font_size=&#8221;28px&#8221; open_icon_color=&#8221;#336699&#8243; _builder_version=&#8221;4.27.4&#8243; _module_preset=&#8221;default&#8221; title_line_height=&#8221;1.3em&#8221; global_colors_info=&#8221;{}&#8221;]<\/p>\n<p style=\"text-align: left\"><img loading=\"lazy\" decoding=\"async\" src=\"https:\/\/familleslussier.com\/wp-content\/uploads\/2024\/12\/2024-promo-portes-ouvertes-1080.jpg\" width=\"1080\" height=\"523\" alt=\"invitation Journee Portes ouvertes\" class=\"wp-image-5101 aligncenter size-full\" srcset=\"https:\/\/familleslussier.com\/wp-content\/uploads\/2024\/12\/2024-promo-portes-ouvertes-1080.jpg 1080w, https:\/\/familleslussier.com\/wp-content\/uploads\/2024\/12\/2024-promo-portes-ouvertes-1080-980x475.jpg 980w, https:\/\/familleslussier.com\/wp-content\/uploads\/2024\/12\/2024-promo-portes-ouvertes-1080-480x232.jpg 480w\" sizes=\"(min-width: 0px) and (max-width: 480px) 480px, (min-width: 481px) and (max-width: 980px) 980px, (min-width: 981px) 1080px, 100vw\" \/><\/p>\n<p><strong><a href=\"https:\/\/familleslussier.com\/en\/open-house-2\/\" title=\"Journ\u00e9e Portes ouvertes 2024-12-10\">Read more<\/a><\/strong>[\/et_pb_toggle][et_pb_toggle title=&#8221;September 19, 2024: Launch of the Lussier book&#8221; use_icon_font_size=&#8221;on&#8221; icon_font_size=&#8221;28px&#8221; open_icon_color=&#8221;#336699&#8243; _builder_version=&#8221;4.27.4&#8243; _module_preset=&#8221;default&#8221; title_line_height=&#8221;1.3em&#8221; global_colors_info=&#8221;{}&#8221;]<\/p>\n<div><img decoding=\"async\" src=\"https:\/\/familleslussier.com\/wp-content\/uploads\/2024\/09\/publicite-lancement-du-livre-1080-1024x768.jpg\" width=\"600\" alt=\"\" class=\"wp-image-6085 aligncenter size-full\" style=\"float: left;width: 600px;margin-right: 22px\" \/><\/div>\n<div>\n<p><img loading=\"lazy\" decoding=\"async\" src=\"https:\/\/familleslussier.com\/wp-content\/uploads\/2024\/09\/460487972-10163938646975278-465734261983253930-n-233x300.jpg\" width=\"233\" height=\"300\" alt=\"\" class=\"wp-image-4688 aligncenter size-medium\" \/><\/p>\n<p><img loading=\"lazy\" decoding=\"async\" src=\"https:\/\/familleslussier.com\/wp-content\/uploads\/2024\/09\/460483902-10163938714490278-9198870887571751807-n-300x225.jpg\" width=\"300\" height=\"225\" alt=\"\" class=\"wp-image-4668 aligncenter size-medium\" \/><\/p>\n<p><img loading=\"lazy\" decoding=\"async\" src=\"https:\/\/familleslussier.com\/wp-content\/uploads\/2024\/09\/460564155-10163938714980278-8676819666212020374-n-300x225.jpg\" width=\"300\" height=\"225\" alt=\"\" class=\"wp-image-4656 aligncenter size-medium\" \/><\/p>\n<\/div>\n<p><strong><a href=\"https:\/\/familleslussier.com\/en\/lussier-book-launch\/\" title=\"Le lancement su livre des Lussier\">Recap of the event<\/a><\/strong><\/p>\n<p>[\/et_pb_toggle][et_pb_toggle title=&#8221;August 10-11, 2024: Great gathering of Lussier families in Varennes&#8221; use_icon_font_size=&#8221;on&#8221; icon_font_size=&#8221;28px&#8221; open_icon_color=&#8221;#336699&#8243; _builder_version=&#8221;4.27.4&#8243; _module_preset=&#8221;default&#8221; title_line_height=&#8221;1.3em&#8221; global_colors_info=&#8221;{}&#8221;]<\/p>\n<div><img decoding=\"async\" src=\"https:\/\/familleslussier.com\/wp-content\/uploads\/2024\/07\/publicite-association-fhq-19-07-2024.jpg\" width=\"600\" alt=\"\" class=\"wp-image-6085 aligncenter size-full\" style=\"float: left;width: 600px;margin-right: 22px\" \/><\/div>\n<div>\n<p><img loading=\"lazy\" decoding=\"async\" src=\"https:\/\/familleslussier.com\/wp-content\/uploads\/2024\/09\/455148070-10163779858930278-9060208184478739291-n-300x200.jpg\" width=\"300\" height=\"200\" alt=\"\" class=\"wp-image-4503 size-medium\" \/><\/p>\n<p>&nbsp;<\/p>\n<p><img loading=\"lazy\" decoding=\"async\" src=\"https:\/\/familleslussier.com\/wp-content\/uploads\/2024\/09\/marcel-lussier-conferencier-1-300x200.jpg\" width=\"300\" height=\"200\" alt=\"\" class=\"wp-image-4266 aligncenter size-medium\" \/><\/p>\n<p><img loading=\"lazy\" decoding=\"async\" src=\"https:\/\/familleslussier.com\/wp-content\/uploads\/2024\/08\/455799348-10163785684355278-2883251846537961946-n-300x200.jpg\" width=\"300\" height=\"200\" alt=\"\" class=\"wp-image-4023 aligncenter size-medium\" \/><\/p>\n<\/div>\n<p><strong><a href=\"https:\/\/familleslussier.com\/en\/grand-rassemblement-des-familles-lussier-2024-large-gathering-of-lussier-families-in-varennes-2024\/\" title=\"Information sur le grand rassemblement des familles Lussier \u00e0 Varennes 2024\">Recap of the event<\/a><\/strong><\/p>\n<p>[\/et_pb_toggle][et_pb_toggle title=&#8221;Saturday, April 27, 2024: General meeting at the sugar shack and launch of the 2nd newsletter&#8221; use_icon_font_size=&#8221;on&#8221; icon_font_size=&#8221;28px&#8221; open_icon_color=&#8221;#336699&#8243; _builder_version=&#8221;4.25.0&#8243; _module_preset=&#8221;default&#8221; title_line_height=&#8221;1.3em&#8221; global_colors_info=&#8221;{}&#8221;]<\/p>\n<p style=\"text-align: left\"><img loading=\"lazy\" decoding=\"async\" src=\"https:\/\/familleslussier.com\/wp-content\/uploads\/2024\/04\/cabane-a-sucre-24-04-27.jpg\" width=\"800\" height=\"466\" alt=\"General meeting at the sugar shack\" class=\"wp-image-3276 size-full\" srcset=\"https:\/\/familleslussier.com\/wp-content\/uploads\/2024\/04\/cabane-a-sucre-24-04-27.jpg 800w, https:\/\/familleslussier.com\/wp-content\/uploads\/2024\/04\/cabane-a-sucre-24-04-27-480x280.jpg 480w\" sizes=\"(min-width: 0px) and (max-width: 480px) 480px, (min-width: 481px) 800px, 100vw\" \/><\/p>\n<p><strong><a href=\"https:\/\/familleslussier.com\/en\/general-meeting-at-the-sugar-shack\/\" title=\"Information on the Great gathering of Lussier families in Varennes 2024\">Read more<\/a><\/strong><\/p>\n<p>[\/et_pb_toggle][et_pb_toggle title=&#8221;Tuesday, November 21, 2023: Open House&#8221; use_icon_font_size=&#8221;on&#8221; icon_font_size=&#8221;28px&#8221; open_icon_color=&#8221;#336699&#8243; _builder_version=&#8221;4.24.3&#8243; _module_preset=&#8221;default&#8221; title_line_height=&#8221;1.3em&#8221; global_colors_info=&#8221;{}&#8221;]<\/p>\n<p style=\"text-align: left\"><img loading=\"lazy\" decoding=\"async\" src=\"https:\/\/familleslussier.com\/wp-content\/uploads\/2023\/11\/portes-ouv-web.jpg\" width=\"800\" height=\"466\" alt=\"\" class=\"wp-image-2460 size-full\" srcset=\"https:\/\/familleslussier.com\/wp-content\/uploads\/2023\/11\/portes-ouv-web.jpg 800w, https:\/\/familleslussier.com\/wp-content\/uploads\/2023\/11\/portes-ouv-web-480x280.jpg 480w\" sizes=\"(min-width: 0px) and (max-width: 480px) 480px, (min-width: 481px) 800px, 100vw\" \/><\/p>\n<p><strong><a href=\"https:\/\/familleslussier.com\/en\/open-house\/\" title=\"Open house\">Read more<\/a><\/strong><\/p>\n<p>[\/et_pb_toggle][et_pb_toggle title=&#8221;Tuesday, November 14, 2023: Zoom training on the Webtrees database for Lussier families&#8221; use_icon_font_size=&#8221;on&#8221; icon_font_size=&#8221;28px&#8221; open_icon_color=&#8221;#336699&#8243; _builder_version=&#8221;4.24.3&#8243; _module_preset=&#8221;default&#8221; title_line_height=&#8221;1.3em&#8221; global_colors_info=&#8221;{}&#8221;]<\/p>\n<p style=\"text-align: left\"><img loading=\"lazy\" decoding=\"async\" src=\"https:\/\/familleslussier.com\/wp-content\/uploads\/2023\/11\/formation-webtree-14-11-2023-web-r.jpg\" width=\"800\" height=\"466\" alt=\"\" class=\"wp-image-2361 size-full\"><\/span><\/p>\n<p><strong><a href=\"https:\/\/familleslussier.com\/en\/training-on-our-webtrees-database-zoom-meeting\/\" title=\"Webtrees training\">Read more<\/a><\/strong>[\/et_pb_toggle][et_pb_toggle title=&#8221;Sunday, October 15, 2023: First gathering of Lussier families \/ Launch of the first newsletter&#8221; use_icon_font_size=&#8221;on&#8221; icon_font_size=&#8221;28px&#8221; open_icon_color=&#8221;#336699&#8243; _builder_version=&#8221;4.27.4&#8243; _module_preset=&#8221;default&#8221; title_line_height=&#8221;1.3em&#8221; global_colors_info=&#8221;{}&#8221;]<\/p>\n<div><img decoding=\"async\" src=\"https:\/\/familleslussier.com\/wp-content\/uploads\/2023\/09\/publicite-15-10-2023-familles-lussier-st-hyacinthe.png\" width=\"600\" alt=\"\" class=\"wp-image-6085 aligncenter size-full\" style=\"float: left;width: 600px;margin-right: 22px\" \/><\/div>\n<div>\n<p><img loading=\"lazy\" decoding=\"async\" src=\"https:\/\/familleslussier.com\/wp-content\/uploads\/2024\/01\/lancement-le-parisien-15-10-2023-st-hyacinthe-richard-leonardo-5-300x225.jpg\" width=\"300\" height=\"225\" alt=\"\" class=\"wp-image-2574 aligncenter size-medium\" \/><\/p>\n<p><img loading=\"lazy\" decoding=\"async\" src=\"https:\/\/familleslussier.com\/wp-content\/uploads\/2024\/01\/lancement-le-parisien-15-10-2023-st-hyacinthe-richard-leonardo-10-300x225.jpg\" width=\"300\" height=\"225\" alt=\"\" class=\"wp-image-2578 aligncenter size-medium\" \/><\/p>\n<p><img loading=\"lazy\" decoding=\"async\" src=\"https:\/\/familleslussier.com\/wp-content\/uploads\/2024\/04\/diaporama-even-bulletin1-300x169.jpg\" width=\"300\" height=\"169\" alt=\"\" class=\"wp-image-3512 aligncenter size-medium\" \/><\/p>\n<\/div>\n<p><strong><a href=\"https:\/\/familleslussier.com\/en\/first-gathering-of-the-lussier-family-association\/\" title=\"Information sur le rassemblement des familles Lussier\">Recap of the event<\/a><\/strong><\/p>\n<p>[\/et_pb_toggle][\/et_pb_column][\/et_pb_row][\/et_pb_section]<\/p>\n","protected":false},"excerpt":{"rendered":"<p>Events Recap of the event &nbsp; &nbsp; Recap of the event Read more Read more Recap of the event &nbsp; Recap of the eventRead more Read more Read more Recap of the event<\/p>\n","protected":false},"author":2,"featured_media":0,"parent":0,"menu_order":0,"comment_status":"closed","ping_status":"closed","template":"","meta":{"_et_pb_use_builder":"on","_et_pb_old_content":"","_et_gb_content_width":"","inline_featured_image":false,"om_disable_all_campaigns":false,"_monsterinsights_skip_tracking":false,"_monsterinsights_sitenote_active":false,"_monsterinsights_sitenote_note":"","_monsterinsights_sitenote_category":0,"footnotes":""},"class_list":["post-2948","page","type-page","status-publish","hentry"],"aioseo_notices":[],"_links":{"self":[{"href":"https:\/\/familleslussier.com\/en\/wp-json\/wp\/v2\/pages\/2948","targetHints":{"allow":["GET"]}}],"collection":[{"href":"https:\/\/familleslussier.com\/en\/wp-json\/wp\/v2\/pages"}],"about":[{"href":"https:\/\/familleslussier.com\/en\/wp-json\/wp\/v2\/types\/page"}],"author":[{"embeddable":true,"href":"https:\/\/familleslussier.com\/en\/wp-json\/wp\/v2\/users\/2"}],"replies":[{"embeddable":true,"href":"https:\/\/familleslussier.com\/en\/wp-json\/wp\/v2\/comments?post=2948"}],"version-history":[{"count":34,"href":"https:\/\/familleslussier.com\/en\/wp-json\/wp\/v2\/pages\/2948\/revisions"}],"predecessor-version":[{"id":6642,"href":"https:\/\/familleslussier.com\/en\/wp-json\/wp\/v2\/pages\/2948\/revisions\/6642"}],"wp:attachment":[{"href":"https:\/\/familleslussier.com\/en\/wp-json\/wp\/v2\/media?parent=2948"}],"curies":[{"name":"wp","href":"https:\/\/api.w.org\/{rel}","templated":true}]}}